{"id":98,"date":"2012-09-17T00:17:33","date_gmt":"2012-09-17T00:17:33","guid":{"rendered":"http:\/\/lordmmx.net\/?page_id=98"},"modified":"2019-02-11T10:29:19","modified_gmt":"2019-02-11T10:29:19","slug":"xenony","status":"publish","type":"page","link":"https:\/\/peterprotus.eu\/?page_id=98","title":{"rendered":"Xenony"},"content":{"rendered":"<figure style=\"width: 504px\" class=\"wp-caption aligncenter\"><a href=\"https:\/\/upload.wikimedia.org\/wikipedia\/commons\/thumb\/7\/71\/Daewoo_Nexia_near_road.jpg\/1280px-Daewoo_Nexia_near_road.jpg\"><img loading=\"lazy\" decoding=\"async\" class=\" \" title=\"Xenony na ness\u00ed\" alt=\"Xenony na ness\u00ed\" src=\"https:\/\/upload.wikimedia.org\/wikipedia\/commons\/thumb\/7\/71\/Daewoo_Nexia_near_road.jpg\/1280px-Daewoo_Nexia_near_road.jpg\" width=\"504\" height=\"342\" \/><\/a><figcaption class=\"wp-caption-text\">Xenony na ness\u00ed<\/figcaption><\/figure>\n<p>Moja ness\u00ed dostala nov\u00e9 svetl\u00e1 s \u010d\u00edrym sklom a xenonov\u00fdmi \u010do\u010dkami. \u00a0Pod\u013ea kolegu z daewooclubu &#8222;JRD McLarena&#8220; s\u00fa tieto svetl\u00e1 v\u00fdborn\u00e9 len ke\u010f s\u00fa zabalen\u00e9 v krabici. Ja som zaregistroval ove\u013ea lep\u0161iu svietivos\u0165 oproti origin\u00e1lom a dokonca sadli na moj\u00fa ness\u00ed ako uliate. z 8 mo\u017en\u00fdch \u0161robov\/z\u00e1vitov\/matiek m\u00e1m 7 uchyten\u00fdch preto\u017ee som neopatrn\u00fd a jeden z\u00e1vit som po\u0161kodil. \ud83d\ude42 Ajtak dr\u017eia ako oce\u013e.<\/p>\n<p>&nbsp;<\/p>\n<p>Zohna\u0165 tak\u00fato srandu je priam nemo\u017en\u00e9 a ak sa V\u00e1m to podar\u00ed, v\u00e4\u010d\u0161inou to stoj\u00ed viac ako samotn\u00e1 ness\u00ed.<\/p>\n<p style=\"text-align: center;\">\n","protected":false},"excerpt":{"rendered":"<p>Moja ness\u00ed dostala nov\u00e9 svetl\u00e1 s \u010d\u00edrym sklom a xenonov\u00fdmi \u010do\u010dkami. \u00a0Pod\u013ea kolegu z daewooclubu &#8222;JRD McLarena&#8220; s\u00fa tieto svetl\u00e1 v\u00fdborn\u00e9 len ke\u010f s\u00fa zabalen\u00e9 v krabici. Ja som zaregistroval ove\u013ea lep\u0161iu svietivos\u0165 oproti origin\u00e1lom a dokonca sadli na moj\u00fa ness\u00ed ako uliate. z 8 mo\u017en\u00fdch \u0161robov\/z\u00e1vitov\/matiek m\u00e1m 7 uchyten\u00fdch preto\u017ee som neopatrn\u00fd a jeden [&hellip;]<\/p>\n","protected":false},"author":1,"featured_media":0,"parent":15,"menu_order":3,"comment_status":"open","ping_status":"open","template":"","meta":{"footnotes":"","_links_to":"","_links_to_target":""},"class_list":["post-98","page","type-page","status-publish","hentry"],"_links":{"self":[{"href":"https:\/\/peterprotus.eu\/index.php?rest_route=\/wp\/v2\/pages\/98","targetHints":{"allow":["GET"]}}],"collection":[{"href":"https:\/\/peterprotus.eu\/index.php?rest_route=\/wp\/v2\/pages"}],"about":[{"href":"https:\/\/peterprotus.eu\/index.php?rest_route=\/wp\/v2\/types\/page"}],"author":[{"embeddable":true,"href":"https:\/\/peterprotus.eu\/index.php?rest_route=\/wp\/v2\/users\/1"}],"replies":[{"embeddable":true,"href":"https:\/\/peterprotus.eu\/index.php?rest_route=%2Fwp%2Fv2%2Fcomments&post=98"}],"version-history":[{"count":5,"href":"https:\/\/peterprotus.eu\/index.php?rest_route=\/wp\/v2\/pages\/98\/revisions"}],"predecessor-version":[{"id":1233,"href":"https:\/\/peterprotus.eu\/index.php?rest_route=\/wp\/v2\/pages\/98\/revisions\/1233"}],"up":[{"embeddable":true,"href":"https:\/\/peterprotus.eu\/index.php?rest_route=\/wp\/v2\/pages\/15"}],"wp:attachment":[{"href":"https:\/\/peterprotus.eu\/index.php?rest_route=%2Fwp%2Fv2%2Fmedia&parent=98"}],"curies":[{"name":"wp","href":"https:\/\/api.w.org\/{rel}","templated":true}]}}